{"id":115,"date":"2025-03-13T14:06:12","date_gmt":"2025-03-13T14:06:12","guid":{"rendered":"https:\/\/ibbg.ch.hira.ch-meta.net\/ultime-notizie\/notizie\/"},"modified":"2025-06-26T12:57:42","modified_gmt":"2025-06-26T12:57:42","slug":"notizie","status":"publish","type":"page","link":"https:\/\/ibbg.ch\/it\/ultime-notizie\/notizie\/","title":{"rendered":"Notizie"},"content":{"rendered":"<div class=\"fusion-fullwidth fullwidth-box fusion-builder-row-1 fusion-flex-container has-pattern-background has-mask-background hundred-percent-fullwidth non-hundred-percent-height-scrolling\" style=\"--awb-border-radius-top-left:0px;--awb-border-radius-top-right:0px;--awb-border-radius-bottom-right:0px;--awb-border-radius-bottom-left:0px;--awb-padding-right:5%;--awb-padding-left:5%;--awb-flex-wrap:wrap;\" ><div class=\"fusion-builder-row fusion-row fusion-flex-align-items-flex-start fusion-flex-content-wrap\" style=\"width:104% !important;max-width:104% !important;margin-left: calc(-4% \/ 2 );margin-right: calc(-4% \/ 2 );\"><div class=\"fusion-layout-column fusion_builder_column fusion-builder-column-0 fusion-flex-column\" style=\"--awb-bg-size:cover;--awb-width-large:80%;--awb-margin-top-large:0px;--awb-spacing-right-large:2.4%;--awb-margin-bottom-large:20px;--awb-spacing-left-large:2.4%;--awb-width-medium:80%;--awb-order-medium:0;--awb-spacing-right-medium:2.4%;--awb-spacing-left-medium:2.4%;--awb-width-small:100%;--awb-order-small:0;--awb-spacing-right-small:1.92%;--awb-spacing-left-small:1.92%;\" data-scroll-devices=\"small-visibility,medium-visibility,large-visibility\"><div class=\"fusion-column-wrapper fusion-column-has-shadow fusion-flex-justify-content-flex-start fusion-content-layout-column\"><div class=\"fusion-title title fusion-title-1 fusion-sep-none fusion-title-text fusion-title-size-one\" style=\"--awb-margin-top-small:10px;--awb-margin-right-small:0px;--awb-margin-bottom-small:10px;--awb-margin-left-small:0px;\"><h1 class=\"fusion-title-heading title-heading-left\" style=\"margin:0;\"><h1><span id=\"dnn_ctr3981_dnnTITLE_titleLabel\" class=\"Head\">Ultime notizie dall&#8217;IBBG<\/span><\/h1><\/h1><\/div><div class=\"fusion-blog-shortcode fusion-blog-shortcode-1 fusion-blog-archive fusion-blog-layout-large fusion-blog-pagination\"><div class=\"fusion-posts-container fusion-posts-container-pagination fusion-blog-rollover\" data-pages=\"1\"><article id=\"blog-1-post-1148\" class=\"fusion-post-large post-1148 post type-post status-publish format-standard hentry category-actualites\">\n\t<style type=\"text\/css\">\n\t\t\n\t\t\n\t\t\n\t\t\n\t\t\t<\/style>\n\n\n<div class=\"fusion-post-content post-content\"><div class=\"fusion-post-content-container\"><div class=\"fusion-fullwidth fullwidth-box fusion-builder-row-1-1 fusion-flex-container nonhundred-percent-fullwidth non-hundred-percent-height-scrolling\" style=\"--awb-border-radius-top-left:0px;--awb-border-radius-top-right:0px;--awb-border-radius-bottom-right:0px;--awb-border-radius-bottom-left:0px;--awb-flex-wrap:wrap;\" ><div class=\"fusion-builder-row fusion-row fusion-flex-align-items-flex-start fusion-flex-content-wrap\" style=\"width:104% !important;max-width:104% !important;margin-left: calc(-4% \/ 2 );margin-right: calc(-4% \/ 2 );\"><div class=\"fusion-layout-column fusion_builder_column fusion-builder-column-1 fusion_builder_column_1_1 1_1 fusion-flex-column\" style=\"--awb-bg-size:cover;--awb-width-large:100%;--awb-flex-grow:0;--awb-flex-shrink:0;--awb-margin-top-large:0px;--awb-spacing-right-large:1.92%;--awb-margin-bottom-large:0px;--awb-spacing-left-large:1.92%;--awb-width-medium:100%;--awb-flex-grow-medium:0;--awb-flex-shrink-medium:0;--awb-spacing-right-medium:1.92%;--awb-spacing-left-medium:1.92%;--awb-width-small:100%;--awb-flex-grow-small:0;--awb-flex-shrink-small:0;--awb-spacing-right-small:1.92%;--awb-spacing-left-small:1.92%;\"><div class=\"fusion-column-wrapper fusion-flex-justify-content-flex-start fusion-content-layout-column\"><div class=\"fusion-text fusion-text-1\"><div class=\"edn_articleSummary\">\n<p>Chiunque stia per completare la propria formazione, prima o poi penser\u00e0 alla prossima mossa di carriera. Lasciare o restare? Fare carriera? Andare all&#8217;universit\u00e0?   <\/p>\n<\/div>\n<div>\n<div class=\"edn_articleDocuments\">\n<ul>\n<li class=\"edn_docType_pdf\"><a href=\"https:\/\/ibbg.ch\/wp-content\/uploads\/2025\/06\/Informationen_Informations_Informazioni.pdf\" target=\"_blank\" rel=\"noopener\">Informazioni<\/a><\/li>\n<li><a href=\"https:\/\/ibbg.ch\/wp-content\/uploads\/2025\/06\/Perspektiven.pdf\" target=\"_blank\" rel=\"noopener\">Prospettive<\/a><\/li>\n<li><a href=\"https:\/\/ibbg.ch\/wp-content\/uploads\/2025\/06\/Weiterbildungen_STF_2026.pdf\" target=\"_blank\" rel=\"noopener\">Formazione continua STF 2026<\/a><\/li>\n<li><a href=\"https:\/\/nextcloud.swhost.ch\/s\/NtKFF7ox2kWxt9i\" target=\"_blank\" rel=\"noopener\">Presentazione dell&#8217;STF<\/a><\/li>\n<li><a href=\"https:\/\/nextcloud.swhost.ch\/s\/6wGKCJBryByAyjd\" target=\"_blank\" rel=\"noopener\">Mappa prospettica<\/a><\/li>\n<li><a href=\"https:\/\/nextcloud.swhost.ch\/s\/ycxeSHRGDSmKtBA\" target=\"_blank\" rel=\"noopener\">Sistema educativo con percorsi di carriera<\/a><\/li>\n<\/ul>\n<\/div>\n<\/div>\n<div>\n<div class=\"edn_articleLinks\">\n<ul>\n<li><a href=\"https:\/\/ibbg.ch\/wp-content\/uploads\/2025\/06\/brosch_IBBG_de_web.pdf\" target=\"_blank\" rel=\"noopener\">Studio dei luoghi<\/a><\/li>\n<\/ul>\n<\/div>\n<\/div>\n<\/div><\/div><\/div><\/div><\/div>\n<\/div><\/div><div class=\"fusion-clearfix\"><\/div><div class=\"fusion-meta-info\"><div class=\"fusion-alignleft\"><span class=\"vcard\" style=\"display: none;\"><span class=\"fn\"><a href=\"https:\/\/ibbg.ch\/it\/author\/sekretariat_gk90qu8b\/\" title=\"Articoli scritti da sekretariat_gk90qu8b\" rel=\"author\">sekretariat_gk90qu8b<\/a><\/span><\/span><span class=\"updated\" style=\"display:none;\">2026-02-20T09:31:23+00:00<\/span><span>20 Febbraio 2026<\/span><span class=\"fusion-inline-sep\">|<\/span><span class=\"fusion-comments\"><a href=\"https:\/\/ibbg.ch\/it\/informazioni-per-le-aziende-formatrici-e-gli-apprendisti-che-hanno-completato-il-tirocinio\/#respond\">0 Comments<\/a><\/span><\/div><div class=\"fusion-alignright\"><a class=\"fusion-read-more\" href=\"https:\/\/ibbg.ch\/it\/informazioni-per-le-aziende-formatrici-e-gli-apprendisti-che-hanno-completato-il-tirocinio\/\" aria-label=\"More on Informazioni per le aziende di formazione e per i laureati in apprendistato\">Read More<\/a><\/div><\/div><\/article>\n<article id=\"blog-1-post-478\" class=\"fusion-post-large post-478 post type-post status-publish format-standard hentry category-notizie-sugli-esami-professionali\">\n\t<style type=\"text\/css\">\n\t\t\n\t\t\n\t\t\n\t\t\n\t\t\t<\/style>\n\n\n<div class=\"fusion-post-content post-content\"><div class=\"fusion-post-content-container\"><div class=\"fusion-fullwidth fullwidth-box fusion-builder-row-1-2 fusion-flex-container has-pattern-background has-mask-background nonhundred-percent-fullwidth non-hundred-percent-height-scrolling\" style=\"--awb-border-radius-top-left:0px;--awb-border-radius-top-right:0px;--awb-border-radius-bottom-right:0px;--awb-border-radius-bottom-left:0px;--awb-flex-wrap:wrap;\" ><div class=\"fusion-builder-row fusion-row fusion-flex-align-items-flex-start fusion-flex-content-wrap\" style=\"width:104% !important;max-width:104% !important;margin-left: calc(-4% \/ 2 );margin-right: calc(-4% \/ 2 );\"><div class=\"fusion-layout-column fusion_builder_column fusion-builder-column-2 fusion_builder_column_1_1 1_1 fusion-flex-column\" style=\"--awb-bg-size:cover;--awb-width-large:100%;--awb-flex-grow:0;--awb-flex-shrink:0;--awb-margin-top-large:0px;--awb-spacing-right-large:1.92%;--awb-margin-bottom-large:20px;--awb-spacing-left-large:1.92%;--awb-width-medium:100%;--awb-order-medium:0;--awb-flex-grow-medium:0;--awb-flex-shrink-medium:0;--awb-spacing-right-medium:1.92%;--awb-spacing-left-medium:1.92%;--awb-width-small:100%;--awb-order-small:0;--awb-flex-grow-small:0;--awb-flex-shrink-small:0;--awb-spacing-right-small:1.92%;--awb-spacing-left-small:1.92%;\"><div class=\"fusion-column-wrapper fusion-column-has-shadow fusion-flex-justify-content-flex-start fusion-content-layout-column\"><div class=\"fusion-text fusion-text-2\"><h2>Esame professionale in design dell&#8217;abbigliamento<\/h2>\n<\/div><div class=\"fusion-text fusion-text-3\"><ul>\n<li><a href=\"https:\/\/ibbg.ch\/wp-content\/uploads\/2025\/oeffDokumente\/IT\/Weiterbildung-Berufsp%C3%BCfung\/po%2020220525%20bp%20bekl.gest.%20ital..pdf\" target=\"_blank\" rel=\"noopener\">Regolamento d&#8217;esame BP 20220525<\/a><\/li>\n<li><a href=\"https:\/\/ibbg.ch\/wp-content\/uploads\/2025\/oeffDokumente\/IT\/Weiterbildung-Berufsp%C3%BCfung\/Direttive_EP.pdf\" target=\"_blank\" rel=\"noopener\">Linee guida della BP<\/a><\/li>\n<\/ul>\n<p><a href=\"https:\/\/www.stf.ch\/kurse\/bp-bekleidungsgestalter\/\" target=\"_blank\" rel=\"noopener\">Informazioni sugli esami professionali<\/a><\/p>\n<\/div><\/div><\/div><\/div><\/div>\n<\/div><\/div><div class=\"fusion-clearfix\"><\/div><div class=\"fusion-meta-info\"><div class=\"fusion-alignleft\"><span class=\"vcard\" style=\"display: none;\"><span class=\"fn\"><a href=\"https:\/\/ibbg.ch\/it\/author\/sekretariat_gk90qu8b\/\" title=\"Articoli scritti da sekretariat_gk90qu8b\" rel=\"author\">sekretariat_gk90qu8b<\/a><\/span><\/span><span class=\"updated\" style=\"display:none;\">2025-07-11T09:24:10+00:00<\/span><span>19 Febbraio 2026<\/span><span class=\"fusion-inline-sep\">|<\/span><span class=\"fusion-comments\"><a href=\"https:\/\/ibbg.ch\/it\/esame-professionale-in-design-dellabbigliamento\/#respond\">0 Comments<\/a><\/span><\/div><div class=\"fusion-alignright\"><a class=\"fusion-read-more\" href=\"https:\/\/ibbg.ch\/it\/esame-professionale-in-design-dellabbigliamento\/\" aria-label=\"More on Esame professionale in design dell&#8217;abbigliamento\">Read More<\/a><\/div><\/div><\/article>\n<article id=\"blog-1-post-1166\" class=\"fusion-post-large post-1166 post type-post status-publish format-standard hentry category-actualites\">\n\t<style type=\"text\/css\">\n\t\t\n\t\t\n\t\t\n\t\t\n\t\t\t<\/style>\n\n\n<div class=\"fusion-post-content post-content\"><div class=\"fusion-post-content-container\"><div class=\"fusion-fullwidth fullwidth-box fusion-builder-row-1-3 fusion-flex-container has-pattern-background has-mask-background nonhundred-percent-fullwidth non-hundred-percent-height-scrolling\" style=\"--awb-border-radius-top-left:0px;--awb-border-radius-top-right:0px;--awb-border-radius-bottom-right:0px;--awb-border-radius-bottom-left:0px;--awb-flex-wrap:wrap;\" ><div class=\"fusion-builder-row fusion-row fusion-flex-align-items-flex-start fusion-flex-content-wrap\" style=\"width:104% !important;max-width:104% !important;margin-left: calc(-4% \/ 2 );margin-right: calc(-4% \/ 2 );\"><div class=\"fusion-layout-column fusion_builder_column fusion-builder-column-3 fusion_builder_column_1_1 1_1 fusion-flex-column\" style=\"--awb-bg-size:cover;--awb-width-large:100%;--awb-flex-grow:0;--awb-flex-shrink:0;--awb-margin-top-large:0px;--awb-spacing-right-large:1.92%;--awb-margin-bottom-large:20px;--awb-spacing-left-large:1.92%;--awb-width-medium:100%;--awb-order-medium:0;--awb-flex-grow-medium:0;--awb-flex-shrink-medium:0;--awb-spacing-right-medium:1.92%;--awb-spacing-left-medium:1.92%;--awb-width-small:100%;--awb-order-small:0;--awb-flex-grow-small:0;--awb-flex-shrink-small:0;--awb-spacing-right-small:1.92%;--awb-spacing-left-small:1.92%;\"><div class=\"fusion-column-wrapper fusion-column-has-shadow fusion-flex-justify-content-flex-start fusion-content-layout-column\"><div class=\"fusion-text fusion-text-4\"><h2>Documentazione PQ<\/h2>\n<div class=\"edn_articleSummary\">\n<p>Le aziende formatrici e le scuole professionali possono ordinare presso il Segretariato IBBG la documentazione PQ degli scorsi anni, da utilizzare come materiale di esercitazione.<\/p>\n<\/div>\n<\/div><\/div><\/div><\/div><\/div>\n<\/div><\/div><div class=\"fusion-clearfix\"><\/div><div class=\"fusion-meta-info\"><div class=\"fusion-alignleft\"><span class=\"vcard\" style=\"display: none;\"><span class=\"fn\"><a href=\"https:\/\/ibbg.ch\/it\/author\/sekretariat_gk90qu8b\/\" title=\"Articoli scritti da sekretariat_gk90qu8b\" rel=\"author\">sekretariat_gk90qu8b<\/a><\/span><\/span><span class=\"updated\" style=\"display:none;\">2026-01-15T16:04:18+00:00<\/span><span>15 Gennaio 2026<\/span><span class=\"fusion-inline-sep\">|<\/span><span class=\"fusion-comments\"><a href=\"https:\/\/ibbg.ch\/it\/ordina-i-documenti-qv\/#respond\">0 Comments<\/a><\/span><\/div><div class=\"fusion-alignright\"><a class=\"fusion-read-more\" href=\"https:\/\/ibbg.ch\/it\/ordina-i-documenti-qv\/\" aria-label=\"More on Ordina i documenti QV\">Read More<\/a><\/div><\/div><\/article>\n<article id=\"blog-1-post-1174\" class=\"fusion-post-large post-1174 post type-post status-publish format-standard hentry category-actualites\">\n\t<style type=\"text\/css\">\n\t\t\n\t\t\n\t\t\n\t\t\n\t\t\t<\/style>\n\n\n<div class=\"fusion-post-content post-content\"><div class=\"fusion-post-content-container\"><div class=\"fusion-fullwidth fullwidth-box fusion-builder-row-1-4 fusion-flex-container has-pattern-background has-mask-background nonhundred-percent-fullwidth non-hundred-percent-height-scrolling\" style=\"--awb-border-radius-top-left:0px;--awb-border-radius-top-right:0px;--awb-border-radius-bottom-right:0px;--awb-border-radius-bottom-left:0px;--awb-flex-wrap:wrap;\" ><div class=\"fusion-builder-row fusion-row fusion-flex-align-items-flex-start fusion-flex-content-wrap\" style=\"width:104% !important;max-width:104% !important;margin-left: calc(-4% \/ 2 );margin-right: calc(-4% \/ 2 );\"><div class=\"fusion-layout-column fusion_builder_column fusion-builder-column-4 fusion_builder_column_1_1 1_1 fusion-flex-column\" style=\"--awb-bg-size:cover;--awb-width-large:100%;--awb-flex-grow:0;--awb-flex-shrink:0;--awb-margin-top-large:0px;--awb-spacing-right-large:1.92%;--awb-margin-bottom-large:20px;--awb-spacing-left-large:1.92%;--awb-width-medium:100%;--awb-order-medium:0;--awb-flex-grow-medium:0;--awb-flex-shrink-medium:0;--awb-spacing-right-medium:1.92%;--awb-spacing-left-medium:1.92%;--awb-width-small:100%;--awb-order-small:0;--awb-flex-grow-small:0;--awb-flex-shrink-small:0;--awb-spacing-right-small:1.92%;--awb-spacing-left-small:1.92%;\"><div class=\"fusion-column-wrapper fusion-column-has-shadow fusion-flex-justify-content-flex-start fusion-content-layout-column\"><div class=\"fusion-text fusion-text-5\"><h2>Mobilit\u00e0 internazionale<\/h2>\n<div class=\"edn_articleSummary\">\n<p>A causa della mancanza di autorizzazione da parte di Movetia, IBBG non ha potuto offrire alcuna mobilit\u00e0 internazionale nel 2025.<\/p>\n<p>Il progetto \u00e8 stato ripresentato a ottobre. Il progetto di mobilit\u00e0 con destinazione Irlanda \u00e8 stato approvato e potr\u00e0 essere riproposto in forma simile nel 2026. Come negli anni precedenti, il programma dettagliato sar\u00e0 presentato online a gennaio.  <\/p>\n<\/div>\n<\/div><\/div><\/div><\/div><\/div>\n<\/div><\/div><div class=\"fusion-clearfix\"><\/div><div class=\"fusion-meta-info\"><div class=\"fusion-alignleft\"><span class=\"vcard\" style=\"display: none;\"><span class=\"fn\"><a href=\"https:\/\/ibbg.ch\/it\/author\/sekretariat_gk90qu8b\/\" title=\"Articoli scritti da sekretariat_gk90qu8b\" rel=\"author\">sekretariat_gk90qu8b<\/a><\/span><\/span><span class=\"updated\" style=\"display:none;\">2026-01-15T15:46:46+00:00<\/span><span>14 Gennaio 2026<\/span><span class=\"fusion-inline-sep\">|<\/span><span class=\"fusion-comments\"><a href=\"https:\/\/ibbg.ch\/it\/mobilita-internazionale\/#respond\">0 Comments<\/a><\/span><\/div><div class=\"fusion-alignright\"><a class=\"fusion-read-more\" href=\"https:\/\/ibbg.ch\/it\/mobilita-internazionale\/\" aria-label=\"More on Mobilit\u00e0 internazionale\">Read More<\/a><\/div><\/div><\/article>\n<article id=\"blog-1-post-1826\" class=\"fusion-post-large post-1826 post type-post status-publish format-standard hentry category-actualites\">\n\t<style type=\"text\/css\">\n\t\t\n\t\t\n\t\t\n\t\t\n\t\t\t<\/style>\n\n\n<div class=\"fusion-post-content post-content\"><div class=\"fusion-post-content-container\"><div class=\"fusion-fullwidth fullwidth-box fusion-builder-row-1-5 fusion-flex-container has-pattern-background has-mask-background nonhundred-percent-fullwidth non-hundred-percent-height-scrolling\" style=\"--awb-border-radius-top-left:0px;--awb-border-radius-top-right:0px;--awb-border-radius-bottom-right:0px;--awb-border-radius-bottom-left:0px;--awb-flex-wrap:wrap;\" ><div class=\"fusion-builder-row fusion-row fusion-flex-align-items-flex-start fusion-flex-content-wrap\" style=\"width:104% !important;max-width:104% !important;margin-left: calc(-4% \/ 2 );margin-right: calc(-4% \/ 2 );\"><div class=\"fusion-layout-column fusion_builder_column fusion-builder-column-5 fusion_builder_column_1_1 1_1 fusion-flex-column\" style=\"--awb-bg-size:cover;--awb-width-large:100%;--awb-flex-grow:0;--awb-flex-shrink:0;--awb-margin-top-large:0px;--awb-spacing-right-large:1.92%;--awb-margin-bottom-large:20px;--awb-spacing-left-large:1.92%;--awb-width-medium:100%;--awb-order-medium:0;--awb-flex-grow-medium:0;--awb-flex-shrink-medium:0;--awb-spacing-right-medium:1.92%;--awb-spacing-left-medium:1.92%;--awb-width-small:100%;--awb-order-small:0;--awb-flex-grow-small:0;--awb-flex-shrink-small:0;--awb-spacing-right-small:1.92%;--awb-spacing-left-small:1.92%;\"><div class=\"fusion-column-wrapper fusion-column-has-shadow fusion-flex-justify-content-flex-start fusion-content-layout-column\"><div class=\"fusion-text fusion-text-6\"><p data-start=\"166\" data-end=\"312\">L&#8217;Interessengemeinschaft Berufsbildung Graub\u00fcnden (IBBG) ha annunciato un cambio di gestione durante l&#8217;assemblea dei delegati.<\/p>\n<p>Dopo pi\u00f9 di dieci anni  <strong data-start=\"345\" data-end=\"361\">Georg Berger<\/strong>  il suo mandato a partire dal 1\u00b0 agosto 2025 per  <strong data-start=\"396\" data-end=\"409\">Ben Keeper<\/strong>. L&#8217;IBBG desidera ringraziare Georg Berger per il suo grande impegno e i molti anni di lavoro di successo per l&#8217;organizzazione.<\/p>\n<p>Per la corrispondenza futura, si prega di contattare direttamente il nuovo Amministratore Delegato: <a class=\"decorated-link cursor-pointer\" href=\"mailto:ben.hueter@ibbg.ch\" rel=\"noopener\" data-start=\"634\" data-end=\"681\">ben.hueter@ibbg.ch.<\/a><\/p>\n<p>Il Presidente dell&#8217;IBBG, <strong data-start=\"712\" data-end=\"728\">Karin Zindel<\/strong>, augura a Ben H\u00fcter un buon inizio e tanta gioia nel suo nuovo ruolo.<\/p>\n<\/div><\/div><\/div><\/div><\/div>\n<\/div><\/div><div class=\"fusion-clearfix\"><\/div><div class=\"fusion-meta-info\"><div class=\"fusion-alignleft\"><span class=\"vcard\" style=\"display: none;\"><span class=\"fn\"><a href=\"https:\/\/ibbg.ch\/it\/author\/sekretariat_gk90qu8b\/\" title=\"Articoli scritti da sekretariat_gk90qu8b\" rel=\"author\">sekretariat_gk90qu8b<\/a><\/span><\/span><span class=\"updated\" style=\"display:none;\">2025-09-10T14:50:57+00:00<\/span><span>10 Settembre 2025<\/span><span class=\"fusion-inline-sep\">|<\/span><span class=\"fusion-comments\"><span>Commenti disabilitati<span class=\"screen-reader-text\"> su Cambio di gestione dell&#8217;IBBG<\/span><\/span><\/span><\/div><div class=\"fusion-alignright\"><a class=\"fusion-read-more\" href=\"https:\/\/ibbg.ch\/it\/cambio-di-gestione-dellibbg\/\" aria-label=\"More on Cambio di gestione dell&#8217;IBBG\">Read More<\/a><\/div><\/div><\/article>\n<article id=\"blog-1-post-1548\" class=\"fusion-post-large post-1548 post type-post status-publish format-standard hentry category-notizie-sugli-esami-professionali tag-pubblicazione-dellesame-di-professione-2026\">\n\t<style type=\"text\/css\">\n\t\t\n\t\t\n\t\t\n\t\t\n\t\t\t<\/style>\n\n\n<div class=\"fusion-post-content post-content\"><div class=\"fusion-post-content-container\"><div class=\"fusion-fullwidth fullwidth-box fusion-builder-row-1-6 fusion-flex-container has-pattern-background has-mask-background nonhundred-percent-fullwidth non-hundred-percent-height-scrolling\" style=\"--awb-border-radius-top-left:0px;--awb-border-radius-top-right:0px;--awb-border-radius-bottom-right:0px;--awb-border-radius-bottom-left:0px;--awb-flex-wrap:wrap;\" ><div class=\"fusion-builder-row fusion-row fusion-flex-align-items-flex-start fusion-flex-content-wrap\" style=\"width:104% !important;max-width:104% !important;margin-left: calc(-4% \/ 2 );margin-right: calc(-4% \/ 2 );\"><div class=\"fusion-layout-column fusion_builder_column fusion-builder-column-6 fusion_builder_column_1_1 1_1 fusion-flex-column\" style=\"--awb-bg-size:cover;--awb-width-large:100%;--awb-flex-grow:0;--awb-flex-shrink:0;--awb-margin-top-large:0px;--awb-spacing-right-large:1.92%;--awb-margin-bottom-large:20px;--awb-spacing-left-large:1.92%;--awb-width-medium:100%;--awb-order-medium:0;--awb-flex-grow-medium:0;--awb-flex-shrink-medium:0;--awb-spacing-right-medium:1.92%;--awb-spacing-left-medium:1.92%;--awb-width-small:100%;--awb-order-small:0;--awb-flex-grow-small:0;--awb-flex-shrink-small:0;--awb-spacing-right-small:1.92%;--awb-spacing-left-small:1.92%;\"><div class=\"fusion-column-wrapper fusion-column-has-shadow fusion-flex-justify-content-flex-start fusion-content-layout-column\"><div class=\"fusion-text fusion-text-7\"><h2><strong>Iscrizione all&#8217;esame professionale 2026<\/strong><\/h2>\n<p><strong>per Stilista di Abbigliamento<\/strong><br \/>\nin conformit\u00e0 con il regolamento d&#8217;esame del 25\/05\/2022 e le linee guida del 01\/07\/2022.<br \/>\n<a href=\"https:\/\/ibbg.ch\/wp-content\/uploads\/2025\/07\/Berufspr%C3%BCfung%202026\/Ausschreibung_Publication_Pubblicazione_BP%202026.pdf\" target=\"_blank\" rel=\"noopener\">Puoi trovare il documento qui.<\/a><\/p>\n<p><a href=\"https:\/\/ibbg.ch\/wp-content\/uploads\/2025\/07\/Berufspr%C3%BCfung%202026\/Iscrizione_EP%202026.pdf\" target=\"_blank\" rel=\"noopener\">Puoi trovare il modulo di registrazione qui!<\/a><\/p>\n<\/div><\/div><\/div><\/div><\/div>\n<\/div><\/div><div class=\"fusion-clearfix\"><\/div><div class=\"fusion-meta-info\"><div class=\"fusion-alignleft\"><span class=\"vcard\" style=\"display: none;\"><span class=\"fn\"><a href=\"https:\/\/ibbg.ch\/it\/author\/sekretariat_gk90qu8b\/\" title=\"Articoli scritti da sekretariat_gk90qu8b\" rel=\"author\">sekretariat_gk90qu8b<\/a><\/span><\/span><span class=\"updated\" style=\"display:none;\">2025-07-18T08:03:45+00:00<\/span><span>18 Luglio 2025<\/span><span class=\"fusion-inline-sep\">|<\/span><span class=\"meta-tags\">Tags: <a href=\"https:\/\/ibbg.ch\/it\/tag\/pubblicazione-dellesame-di-professione-2026\/\" rel=\"tag\">Pubblicazione dell\u2019esame di professione 2026<\/a><\/span><span class=\"fusion-inline-sep\">|<\/span><span class=\"fusion-comments\"><a href=\"https:\/\/ibbg.ch\/it\/pubblicazione-dellesame-di-professione-2026\/#respond\">0 Comments<\/a><\/span><\/div><div class=\"fusion-alignright\"><a class=\"fusion-read-more\" href=\"https:\/\/ibbg.ch\/it\/pubblicazione-dellesame-di-professione-2026\/\" aria-label=\"More on Pubblicazione dell\u2019esame di professione 2026\">Read More<\/a><\/div><\/div><\/article>\n<\/div><\/div><\/div><\/div><div class=\"fusion-layout-column fusion_builder_column fusion-builder-column-7 fusion-flex-column\" style=\"--awb-bg-size:cover;--awb-width-large:20%;--awb-flex-grow:0;--awb-flex-shrink:0;--awb-margin-top-large:0px;--awb-spacing-right-large:9.6%;--awb-margin-bottom-large:20px;--awb-spacing-left-large:9.6%;--awb-width-medium:20%;--awb-order-medium:0;--awb-flex-grow-medium:0;--awb-flex-shrink-medium:0;--awb-spacing-right-medium:9.6%;--awb-spacing-left-medium:9.6%;--awb-width-small:100%;--awb-order-small:0;--awb-flex-grow-small:0;--awb-flex-shrink-small:0;--awb-spacing-right-small:1.92%;--awb-spacing-left-small:1.92%;\" data-scroll-devices=\"small-visibility,medium-visibility,large-visibility\"><div class=\"fusion-column-wrapper fusion-column-has-shadow fusion-flex-justify-content-flex-start fusion-content-layout-column\"><div class=\"fusion-title title fusion-title-2 fusion-sep-none fusion-title-text fusion-title-size-one\" style=\"--awb-margin-top-small:10px;--awb-margin-right-small:0px;--awb-margin-bottom-small:10px;--awb-margin-left-small:0px;\"><h1 class=\"fusion-title-heading title-heading-left\" style=\"margin:0;\"><h2>Contattaci<\/h2><\/h1><\/div><div class=\"fusion-text fusion-text-8\"><p>Puoi raggiungere la nostra segreteria a:<br \/>\nTel.: 062 311 83 62 o<br \/>\n<a href=\"mailto:sekretariat@ibbg.ch?subject=Kontakt%20ab%20Sito web%20ibbg.ch\">sekretariat@ibbg.ch<\/a> o tramite il modulo di contatto<\/p>\n<p><strong>Orari di apertura:<\/strong><br \/>\nDisponibile telefonicamente a<br \/>\nluned\u00ec e gioved\u00ec<br \/>\n9:00 &#8211; 12:00 \/ 14:00 &#8211; 17:00<\/p>\n<p>marted\u00ec e mercoled\u00ec<br \/>\n14:00 &#8211; 17:00<\/p>\n<\/div><\/div><\/div><\/div><\/div>\n","protected":false},"excerpt":{"rendered":"","protected":false},"author":1,"featured_media":0,"parent":113,"menu_order":0,"comment_status":"closed","ping_status":"closed","template":"100-width.php","meta":{"footnotes":""},"class_list":["post-115","page","type-page","status-publish","hentry"],"_links":{"self":[{"href":"https:\/\/ibbg.ch\/it\/wp-json\/wp\/v2\/pages\/115","targetHints":{"allow":["GET"]}}],"collection":[{"href":"https:\/\/ibbg.ch\/it\/wp-json\/wp\/v2\/pages"}],"about":[{"href":"https:\/\/ibbg.ch\/it\/wp-json\/wp\/v2\/types\/page"}],"author":[{"embeddable":true,"href":"https:\/\/ibbg.ch\/it\/wp-json\/wp\/v2\/users\/1"}],"replies":[{"embeddable":true,"href":"https:\/\/ibbg.ch\/it\/wp-json\/wp\/v2\/comments?post=115"}],"version-history":[{"count":8,"href":"https:\/\/ibbg.ch\/it\/wp-json\/wp\/v2\/pages\/115\/revisions"}],"predecessor-version":[{"id":1152,"href":"https:\/\/ibbg.ch\/it\/wp-json\/wp\/v2\/pages\/115\/revisions\/1152"}],"up":[{"embeddable":true,"href":"https:\/\/ibbg.ch\/it\/wp-json\/wp\/v2\/pages\/113"}],"wp:attachment":[{"href":"https:\/\/ibbg.ch\/it\/wp-json\/wp\/v2\/media?parent=115"}],"curies":[{"name":"wp","href":"https:\/\/api.w.org\/{rel}","templated":true}]}}