{"id":116,"date":"2025-03-13T14:06:12","date_gmt":"2025-03-13T14:06:12","guid":{"rendered":"https:\/\/ibbg.ch.hira.ch-meta.net\/actualites\/actualites\/"},"modified":"2025-06-26T13:00:06","modified_gmt":"2025-06-26T13:00:06","slug":"actualites","status":"publish","type":"page","link":"https:\/\/ibbg.ch\/fr\/actualites\/actualites\/","title":{"rendered":"Actualit\u00e9s"},"content":{"rendered":"<div class=\"fusion-fullwidth fullwidth-box fusion-builder-row-1 fusion-flex-container has-pattern-background has-mask-background hundred-percent-fullwidth non-hundred-percent-height-scrolling\" style=\"--awb-border-radius-top-left:0px;--awb-border-radius-top-right:0px;--awb-border-radius-bottom-right:0px;--awb-border-radius-bottom-left:0px;--awb-padding-right:5%;--awb-padding-left:5%;--awb-flex-wrap:wrap;\" ><div class=\"fusion-builder-row fusion-row fusion-flex-align-items-flex-start fusion-flex-content-wrap\" style=\"width:104% !important;max-width:104% !important;margin-left: calc(-4% \/ 2 );margin-right: calc(-4% \/ 2 );\"><div class=\"fusion-layout-column fusion_builder_column fusion-builder-column-0 fusion-flex-column\" style=\"--awb-bg-size:cover;--awb-width-large:80%;--awb-margin-top-large:0px;--awb-spacing-right-large:2.4%;--awb-margin-bottom-large:20px;--awb-spacing-left-large:2.4%;--awb-width-medium:80%;--awb-order-medium:0;--awb-spacing-right-medium:2.4%;--awb-spacing-left-medium:2.4%;--awb-width-small:100%;--awb-order-small:0;--awb-spacing-right-small:1.92%;--awb-spacing-left-small:1.92%;\" data-scroll-devices=\"small-visibility,medium-visibility,large-visibility\"><div class=\"fusion-column-wrapper fusion-column-has-shadow fusion-flex-justify-content-flex-start fusion-content-layout-column\"><div class=\"fusion-title title fusion-title-1 fusion-sep-none fusion-title-text fusion-title-size-one\" style=\"--awb-margin-top-small:10px;--awb-margin-right-small:0px;--awb-margin-bottom-small:10px;--awb-margin-left-small:0px;\"><h1 class=\"fusion-title-heading title-heading-left\" style=\"margin:0;\"><h1><span id=\"dnn_ctr3981_dnnTITLE_titleLabel\" class=\"Head\">Derniers communiqu\u00e9s de l&rsquo;IBBG<\/span><\/h1><\/h1><\/div><div class=\"fusion-blog-shortcode fusion-blog-shortcode-1 fusion-blog-archive fusion-blog-layout-large fusion-blog-pagination\"><div class=\"fusion-posts-container fusion-posts-container-pagination fusion-blog-rollover\" data-pages=\"1\"><article id=\"blog-1-post-1147\" class=\"fusion-post-large post-1147 post type-post status-publish format-standard hentry category-news-fr\">\n\t<style type=\"text\/css\">\n\t\t\n\t\t\n\t\t\n\t\t\n\t\t\t<\/style>\n\n\n<div class=\"fusion-post-content post-content\"><div class=\"fusion-post-content-container\"><div class=\"fusion-fullwidth fullwidth-box fusion-builder-row-1-1 fusion-flex-container nonhundred-percent-fullwidth non-hundred-percent-height-scrolling\" style=\"--awb-border-radius-top-left:0px;--awb-border-radius-top-right:0px;--awb-border-radius-bottom-right:0px;--awb-border-radius-bottom-left:0px;--awb-flex-wrap:wrap;\" ><div class=\"fusion-builder-row fusion-row fusion-flex-align-items-flex-start fusion-flex-content-wrap\" style=\"width:104% !important;max-width:104% !important;margin-left: calc(-4% \/ 2 );margin-right: calc(-4% \/ 2 );\"><div class=\"fusion-layout-column fusion_builder_column fusion-builder-column-1 fusion_builder_column_1_1 1_1 fusion-flex-column\" style=\"--awb-bg-size:cover;--awb-width-large:100%;--awb-flex-grow:0;--awb-flex-shrink:0;--awb-margin-top-large:0px;--awb-spacing-right-large:1.92%;--awb-margin-bottom-large:0px;--awb-spacing-left-large:1.92%;--awb-width-medium:100%;--awb-flex-grow-medium:0;--awb-flex-shrink-medium:0;--awb-spacing-right-medium:1.92%;--awb-spacing-left-medium:1.92%;--awb-width-small:100%;--awb-flex-grow-small:0;--awb-flex-shrink-small:0;--awb-spacing-right-small:1.92%;--awb-spacing-left-small:1.92%;\"><div class=\"fusion-column-wrapper fusion-flex-justify-content-flex-start fusion-content-layout-column\"><div class=\"fusion-text fusion-text-1\"><div class=\"edn_articleSummary\">\n<p>Les personnes qui terminent bient\u00f4t leur formation se penchent t\u00f4t ou tard sur la prochaine \u00e9tape de leur carri\u00e8re. Partir ou rester ? Faire carri\u00e8re ? Faire des \u00e9tudes ?   <\/p>\n<\/div>\n<div>\n<div class=\"edn_articleDocuments\">\n<ul>\n<li class=\"edn_docType_pdf\"><a href=\"https:\/\/ibbg.ch\/wp-content\/uploads\/2025\/06\/Informationen_Informations_Informazioni.pdf\" target=\"_blank\" rel=\"noopener\">Informations<\/a><\/li>\n<li><a href=\"https:\/\/ibbg.ch\/wp-content\/uploads\/2025\/06\/Perspektiven.pdf\" target=\"_blank\" rel=\"noopener\">Perspectives<\/a><\/li>\n<li><a href=\"https:\/\/ibbg.ch\/wp-content\/uploads\/2025\/06\/Weiterbildungen_STF_2026.pdf\" target=\"_blank\" rel=\"noopener\">Formation continue STF 2026<\/a><\/li>\n<li><a href=\"https:\/\/nextcloud.swhost.ch\/s\/NtKFF7ox2kWxt9i\" target=\"_blank\" rel=\"noopener\">Pr\u00e9sentation de la STF<\/a><\/li>\n<li><a href=\"https:\/\/nextcloud.swhost.ch\/s\/6wGKCJBryByAyjd\" target=\"_blank\" rel=\"noopener\">Carte des perspectives<\/a><\/li>\n<li><a href=\"https:\/\/nextcloud.swhost.ch\/s\/ycxeSHRGDSmKtBA\" target=\"_blank\" rel=\"noopener\">Syst\u00e8me d&rsquo;\u00e9ducation avec parcours de carri\u00e8re<\/a><\/li>\n<\/ul>\n<\/div>\n<\/div>\n<div>\n<div class=\"edn_articleLinks\">\n<ul>\n<li><a href=\"https:\/\/ibbg.ch\/wp-content\/uploads\/2025\/06\/brosch_IBBG_de_web.pdf\" target=\"_blank\" rel=\"noopener\">\u00c9tude sur le devenir<\/a><\/li>\n<\/ul>\n<\/div>\n<\/div>\n<\/div><\/div><\/div><\/div><\/div>\n<\/div><\/div><div class=\"fusion-clearfix\"><\/div><div class=\"fusion-meta-info\"><div class=\"fusion-alignleft\"><span class=\"vcard\" style=\"display: none;\"><span class=\"fn\"><a href=\"https:\/\/ibbg.ch\/fr\/author\/sekretariat_gk90qu8b\/\" title=\"Articles par sekretariat_gk90qu8b\" rel=\"author\">sekretariat_gk90qu8b<\/a><\/span><\/span><span class=\"updated\" style=\"display:none;\">2026-02-20T09:31:23+00:00<\/span><span>20 f\u00e9vrier 2026<\/span><span class=\"fusion-inline-sep\">|<\/span><span class=\"fusion-comments\"><a href=\"https:\/\/ibbg.ch\/fr\/informations-pour-les-entreprises-formatrices-et-les-apprentis-en-fin-de-formation\/#respond\">0 Comments<\/a><\/span><\/div><div class=\"fusion-alignright\"><a class=\"fusion-read-more\" href=\"https:\/\/ibbg.ch\/fr\/informations-pour-les-entreprises-formatrices-et-les-apprentis-en-fin-de-formation\/\" aria-label=\"More on Informations pour les entreprises formatrices et les jeunes en fin d&rsquo;apprentissage\">Read More<\/a><\/div><\/div><\/article>\n<article id=\"blog-1-post-475\" class=\"fusion-post-large post-475 post type-post status-publish format-standard hentry category-actualites-sur-les-examens-professionnels\">\n\t<style type=\"text\/css\">\n\t\t\n\t\t\n\t\t\n\t\t\n\t\t\t<\/style>\n\n\n<div class=\"fusion-post-content post-content\"><div class=\"fusion-post-content-container\"><div class=\"fusion-fullwidth fullwidth-box fusion-builder-row-1-2 fusion-flex-container has-pattern-background has-mask-background nonhundred-percent-fullwidth non-hundred-percent-height-scrolling\" style=\"--awb-border-radius-top-left:0px;--awb-border-radius-top-right:0px;--awb-border-radius-bottom-right:0px;--awb-border-radius-bottom-left:0px;--awb-flex-wrap:wrap;\" ><div class=\"fusion-builder-row fusion-row fusion-flex-align-items-flex-start fusion-flex-content-wrap\" style=\"width:104% !important;max-width:104% !important;margin-left: calc(-4% \/ 2 );margin-right: calc(-4% \/ 2 );\"><div class=\"fusion-layout-column fusion_builder_column fusion-builder-column-2 fusion_builder_column_1_1 1_1 fusion-flex-column\" style=\"--awb-bg-size:cover;--awb-width-large:100%;--awb-flex-grow:0;--awb-flex-shrink:0;--awb-margin-top-large:0px;--awb-spacing-right-large:1.92%;--awb-margin-bottom-large:20px;--awb-spacing-left-large:1.92%;--awb-width-medium:100%;--awb-order-medium:0;--awb-flex-grow-medium:0;--awb-flex-shrink-medium:0;--awb-spacing-right-medium:1.92%;--awb-spacing-left-medium:1.92%;--awb-width-small:100%;--awb-order-small:0;--awb-flex-grow-small:0;--awb-flex-shrink-small:0;--awb-spacing-right-small:1.92%;--awb-spacing-left-small:1.92%;\"><div class=\"fusion-column-wrapper fusion-column-has-shadow fusion-flex-justify-content-flex-start fusion-content-layout-column\"><div class=\"fusion-text fusion-text-2\"><h2>Examen professionnel de cr\u00e9ateur\/cr\u00e9atrice de v\u00eatements<\/h2>\n<\/div><div class=\"fusion-text fusion-text-3\"><ul>\n<li><a href=\"https:\/\/ibbg.ch\/wp-content\/uploads\/2025\/oeffDokumente\/FR\/Weiterbildung-Berufsp%C3%BCfung\/po%2020220525%20bp%20bekl.gest.%20frz..pdf\" target=\"_blank\" rel=\"noopener\">R\u00e8glement de l&rsquo;examen BP 20220525<\/a><\/li>\n<li><a href=\"https:\/\/ibbg.ch\/wp-content\/uploads\/2025\/oeffDokumente\/FR\/Weiterbildung-Berufsp%C3%BCfung\/Directives_EP.pdf\" target=\"_blank\" rel=\"noopener\">Guide BP<\/a><\/li>\n<\/ul>\n<p><a href=\"https:\/\/www.stf.ch\/kurse\/bp-bekleidungsgestalter\/\" target=\"_blank\" rel=\"noopener\">Informations sur l&rsquo;examen professionnel<\/a><\/p>\n<\/div><\/div><\/div><\/div><\/div>\n<\/div><\/div><div class=\"fusion-clearfix\"><\/div><div class=\"fusion-meta-info\"><div class=\"fusion-alignleft\"><span class=\"vcard\" style=\"display: none;\"><span class=\"fn\"><a href=\"https:\/\/ibbg.ch\/fr\/author\/sekretariat_gk90qu8b\/\" title=\"Articles par sekretariat_gk90qu8b\" rel=\"author\">sekretariat_gk90qu8b<\/a><\/span><\/span><span class=\"updated\" style=\"display:none;\">2025-07-11T09:23:32+00:00<\/span><span>19 f\u00e9vrier 2026<\/span><span class=\"fusion-inline-sep\">|<\/span><span class=\"fusion-comments\"><a href=\"https:\/\/ibbg.ch\/fr\/examen-professionnel-de-createur-creatrice-de-vetements\/#respond\">0 Comments<\/a><\/span><\/div><div class=\"fusion-alignright\"><a class=\"fusion-read-more\" href=\"https:\/\/ibbg.ch\/fr\/examen-professionnel-de-createur-creatrice-de-vetements\/\" aria-label=\"More on Examen professionnel de cr\u00e9ateur\/cr\u00e9atrice de v\u00eatements\">Read More<\/a><\/div><\/div><\/article>\n<article id=\"blog-1-post-1163\" class=\"fusion-post-large post-1163 post type-post status-publish format-standard hentry category-news-fr\">\n\t<style type=\"text\/css\">\n\t\t\n\t\t\n\t\t\n\t\t\n\t\t\t<\/style>\n\n\n<div class=\"fusion-post-content post-content\"><div class=\"fusion-post-content-container\"><div class=\"fusion-fullwidth fullwidth-box fusion-builder-row-1-3 fusion-flex-container has-pattern-background has-mask-background nonhundred-percent-fullwidth non-hundred-percent-height-scrolling\" style=\"--awb-border-radius-top-left:0px;--awb-border-radius-top-right:0px;--awb-border-radius-bottom-right:0px;--awb-border-radius-bottom-left:0px;--awb-flex-wrap:wrap;\" ><div class=\"fusion-builder-row fusion-row fusion-flex-align-items-flex-start fusion-flex-content-wrap\" style=\"width:104% !important;max-width:104% !important;margin-left: calc(-4% \/ 2 );margin-right: calc(-4% \/ 2 );\"><div class=\"fusion-layout-column fusion_builder_column fusion-builder-column-3 fusion_builder_column_1_1 1_1 fusion-flex-column\" style=\"--awb-bg-size:cover;--awb-width-large:100%;--awb-flex-grow:0;--awb-flex-shrink:0;--awb-margin-top-large:0px;--awb-spacing-right-large:1.92%;--awb-margin-bottom-large:20px;--awb-spacing-left-large:1.92%;--awb-width-medium:100%;--awb-order-medium:0;--awb-flex-grow-medium:0;--awb-flex-shrink-medium:0;--awb-spacing-right-medium:1.92%;--awb-spacing-left-medium:1.92%;--awb-width-small:100%;--awb-order-small:0;--awb-flex-grow-small:0;--awb-flex-shrink-small:0;--awb-spacing-right-small:1.92%;--awb-spacing-left-small:1.92%;\"><div class=\"fusion-column-wrapper fusion-column-has-shadow fusion-flex-justify-content-flex-start fusion-content-layout-column\"><div class=\"fusion-text fusion-text-4\"><h2>Bestellung QV Unterlagen<\/h2>\n<div class=\"edn_articleSummary\">\n<p>Ausbildungsbetriebe und Fachschulen k\u00f6nnen die QV Unterlagen der vergangenen Jahre zu \u00dcbungszwecken beim IBBG-Sekretariat bestellen.<\/p>\n<p><a href=\"https:\/\/ibbg.ch\/wp-content\/uploads\/2025\/06\/Bestellung_QV_20260112.pdf\" target=\"_blank\" rel=\"noopener\">Bestellliste<\/a><\/p>\n<\/div>\n<\/div><\/div><\/div><\/div><\/div>\n<\/div><\/div><div class=\"fusion-clearfix\"><\/div><div class=\"fusion-meta-info\"><div class=\"fusion-alignleft\"><span class=\"vcard\" style=\"display: none;\"><span class=\"fn\"><a href=\"https:\/\/ibbg.ch\/fr\/author\/sekretariat_gk90qu8b\/\" title=\"Articles par sekretariat_gk90qu8b\" rel=\"author\">sekretariat_gk90qu8b<\/a><\/span><\/span><span class=\"updated\" style=\"display:none;\">2026-01-15T16:02:22+00:00<\/span><span>15 janvier 2026<\/span><span class=\"fusion-inline-sep\">|<\/span><span class=\"fusion-comments\"><a href=\"https:\/\/ibbg.ch\/fr\/commande-de-documents-qv\/#respond\">0 Comments<\/a><\/span><\/div><div class=\"fusion-alignright\"><a class=\"fusion-read-more\" href=\"https:\/\/ibbg.ch\/fr\/commande-de-documents-qv\/\" aria-label=\"More on Commande de documents QV\">Read More<\/a><\/div><\/div><\/article>\n<article id=\"blog-1-post-1171\" class=\"fusion-post-large post-1171 post type-post status-publish format-standard hentry category-news-fr\">\n\t<style type=\"text\/css\">\n\t\t\n\t\t\n\t\t\n\t\t\n\t\t\t<\/style>\n\n\n<div class=\"fusion-post-content post-content\"><div class=\"fusion-post-content-container\"><div class=\"fusion-fullwidth fullwidth-box fusion-builder-row-1-4 fusion-flex-container has-pattern-background has-mask-background nonhundred-percent-fullwidth non-hundred-percent-height-scrolling\" style=\"--awb-border-radius-top-left:0px;--awb-border-radius-top-right:0px;--awb-border-radius-bottom-right:0px;--awb-border-radius-bottom-left:0px;--awb-flex-wrap:wrap;\" ><div class=\"fusion-builder-row fusion-row fusion-flex-align-items-flex-start fusion-flex-content-wrap\" style=\"width:104% !important;max-width:104% !important;margin-left: calc(-4% \/ 2 );margin-right: calc(-4% \/ 2 );\"><div class=\"fusion-layout-column fusion_builder_column fusion-builder-column-4 fusion_builder_column_1_1 1_1 fusion-flex-column\" style=\"--awb-bg-size:cover;--awb-width-large:100%;--awb-flex-grow:0;--awb-flex-shrink:0;--awb-margin-top-large:0px;--awb-spacing-right-large:1.92%;--awb-margin-bottom-large:20px;--awb-spacing-left-large:1.92%;--awb-width-medium:100%;--awb-order-medium:0;--awb-flex-grow-medium:0;--awb-flex-shrink-medium:0;--awb-spacing-right-medium:1.92%;--awb-spacing-left-medium:1.92%;--awb-width-small:100%;--awb-order-small:0;--awb-flex-grow-small:0;--awb-flex-shrink-small:0;--awb-spacing-right-small:1.92%;--awb-spacing-left-small:1.92%;\"><div class=\"fusion-column-wrapper fusion-column-has-shadow fusion-flex-justify-content-flex-start fusion-content-layout-column\"><div class=\"fusion-text fusion-text-5\"><h2>Mobilit\u00e9s internationales<\/h2>\n<div class=\"edn_articleSummary\">\n<p>En raison de l&rsquo;absence d&rsquo;autorisation de Movetia, l&rsquo;IBBG n&rsquo;a pas pu proposer de mobilit\u00e9s internationales en 2025.<\/p>\n<p>Une nouvelle demande a \u00e9t\u00e9 d\u00e9pos\u00e9e en octobre. Le projet de mobilit\u00e9 vers l&rsquo;Irlande a \u00e9t\u00e9 approuv\u00e9 et pourra \u00eatre propos\u00e9 \u00e0 nouveau sous une forme similaire en 2026. Comme les ann\u00e9es pr\u00e9c\u00e9dentes, le programme d\u00e9taill\u00e9 sera pr\u00e9sent\u00e9 en ligne en janvier.  <\/p>\n<\/div>\n<\/div><\/div><\/div><\/div><\/div>\n<\/div><\/div><div class=\"fusion-clearfix\"><\/div><div class=\"fusion-meta-info\"><div class=\"fusion-alignleft\"><span class=\"vcard\" style=\"display: none;\"><span class=\"fn\"><a href=\"https:\/\/ibbg.ch\/fr\/author\/sekretariat_gk90qu8b\/\" title=\"Articles par sekretariat_gk90qu8b\" rel=\"author\">sekretariat_gk90qu8b<\/a><\/span><\/span><span class=\"updated\" style=\"display:none;\">2026-01-15T15:46:16+00:00<\/span><span>14 janvier 2026<\/span><span class=\"fusion-inline-sep\">|<\/span><span class=\"fusion-comments\"><a href=\"https:\/\/ibbg.ch\/fr\/mobilites-internationales\/#respond\">0 Comments<\/a><\/span><\/div><div class=\"fusion-alignright\"><a class=\"fusion-read-more\" href=\"https:\/\/ibbg.ch\/fr\/mobilites-internationales\/\" aria-label=\"More on Mobilit\u00e9s internationales\">Read More<\/a><\/div><\/div><\/article>\n<article id=\"blog-1-post-1823\" class=\"fusion-post-large post-1823 post type-post status-publish format-standard hentry category-news-fr\">\n\t<style type=\"text\/css\">\n\t\t\n\t\t\n\t\t\n\t\t\n\t\t\t<\/style>\n\n\n<div class=\"fusion-post-content post-content\"><div class=\"fusion-post-content-container\"><div class=\"fusion-fullwidth fullwidth-box fusion-builder-row-1-5 fusion-flex-container has-pattern-background has-mask-background nonhundred-percent-fullwidth non-hundred-percent-height-scrolling\" style=\"--awb-border-radius-top-left:0px;--awb-border-radius-top-right:0px;--awb-border-radius-bottom-right:0px;--awb-border-radius-bottom-left:0px;--awb-flex-wrap:wrap;\" ><div class=\"fusion-builder-row fusion-row fusion-flex-align-items-flex-start fusion-flex-content-wrap\" style=\"width:104% !important;max-width:104% !important;margin-left: calc(-4% \/ 2 );margin-right: calc(-4% \/ 2 );\"><div class=\"fusion-layout-column fusion_builder_column fusion-builder-column-5 fusion_builder_column_1_1 1_1 fusion-flex-column\" style=\"--awb-bg-size:cover;--awb-width-large:100%;--awb-flex-grow:0;--awb-flex-shrink:0;--awb-margin-top-large:0px;--awb-spacing-right-large:1.92%;--awb-margin-bottom-large:20px;--awb-spacing-left-large:1.92%;--awb-width-medium:100%;--awb-order-medium:0;--awb-flex-grow-medium:0;--awb-flex-shrink-medium:0;--awb-spacing-right-medium:1.92%;--awb-spacing-left-medium:1.92%;--awb-width-small:100%;--awb-order-small:0;--awb-flex-grow-small:0;--awb-flex-shrink-small:0;--awb-spacing-right-small:1.92%;--awb-spacing-left-small:1.92%;\"><div class=\"fusion-column-wrapper fusion-column-has-shadow fusion-flex-justify-content-flex-start fusion-content-layout-column\"><div class=\"fusion-text fusion-text-6\"><p data-start=\"166\" data-end=\"312\">La communaut\u00e9 d&rsquo;int\u00e9r\u00eats pour la formation professionnelle dans les Grisons (Interessengemeinschaft Berufsbildung Graub\u00fcnden, IBBG) a annonc\u00e9 le changement de direction lors de son assembl\u00e9e des d\u00e9l\u00e9gu\u00e9s.<\/p>\n<p>Apr\u00e8s plus de dix ans, il passe le relais \u00e0  <strong data-start=\"345\" data-end=\"361\">Georg Berger<\/strong>  au 1er ao\u00fbt 2025, son mandat \u00e0  <strong data-start=\"396\" data-end=\"409\">Ben H\u00fcter<\/strong>. L&rsquo;IBBG remercie chaleureusement Georg Berger pour son grand engagement et le travail fructueux qu&rsquo;il a accompli pendant de nombreuses ann\u00e9es pour l&rsquo;organisation.<\/p>\n<p>Pour toute correspondance future, veuillez vous adresser directement au nouveau directeur : <a class=\"decorated-link cursor-pointer\" href=\"mailto:ben.hueter@ibbg.ch\" rel=\"noopener\" data-start=\"634\" data-end=\"681\">ben.hueter@ibbg.ch.<\/a><\/p>\n<p>La pr\u00e9sidente de l&rsquo;IBBG, <strong data-start=\"712\" data-end=\"728\">Karin Zindel<\/strong>, souhaite \u00e0 Ben H\u00fcter un bon d\u00e9part et beaucoup de plaisir dans ses nouvelles fonctions.<\/p>\n<\/div><\/div><\/div><\/div><\/div>\n<\/div><\/div><div class=\"fusion-clearfix\"><\/div><div class=\"fusion-meta-info\"><div class=\"fusion-alignleft\"><span class=\"vcard\" style=\"display: none;\"><span class=\"fn\"><a href=\"https:\/\/ibbg.ch\/fr\/author\/sekretariat_gk90qu8b\/\" title=\"Articles par sekretariat_gk90qu8b\" rel=\"author\">sekretariat_gk90qu8b<\/a><\/span><\/span><span class=\"updated\" style=\"display:none;\">2025-09-10T14:49:57+00:00<\/span><span>10 septembre 2025<\/span><span class=\"fusion-inline-sep\">|<\/span><span class=\"fusion-comments\"><span>Commentaires ferm\u00e9s<span class=\"screen-reader-text\"> sur Changement de direction de l&rsquo;IBBG<\/span><\/span><\/span><\/div><div class=\"fusion-alignright\"><a class=\"fusion-read-more\" href=\"https:\/\/ibbg.ch\/fr\/changement-de-direction-de-libbg\/\" aria-label=\"More on Changement de direction de l&rsquo;IBBG\">Read More<\/a><\/div><\/div><\/article>\n<article id=\"blog-1-post-1545\" class=\"fusion-post-large post-1545 post type-post status-publish format-standard hentry category-actualites-sur-les-examens-professionnels tag-publication-de-lexamen-professionnel-2026\">\n\t<style type=\"text\/css\">\n\t\t\n\t\t\n\t\t\n\t\t\n\t\t\t<\/style>\n\n\n<div class=\"fusion-post-content post-content\"><div class=\"fusion-post-content-container\"><div class=\"fusion-fullwidth fullwidth-box fusion-builder-row-1-6 fusion-flex-container has-pattern-background has-mask-background nonhundred-percent-fullwidth non-hundred-percent-height-scrolling\" style=\"--awb-border-radius-top-left:0px;--awb-border-radius-top-right:0px;--awb-border-radius-bottom-right:0px;--awb-border-radius-bottom-left:0px;--awb-flex-wrap:wrap;\" ><div class=\"fusion-builder-row fusion-row fusion-flex-align-items-flex-start fusion-flex-content-wrap\" style=\"width:104% !important;max-width:104% !important;margin-left: calc(-4% \/ 2 );margin-right: calc(-4% \/ 2 );\"><div class=\"fusion-layout-column fusion_builder_column fusion-builder-column-6 fusion_builder_column_1_1 1_1 fusion-flex-column\" style=\"--awb-bg-size:cover;--awb-width-large:100%;--awb-flex-grow:0;--awb-flex-shrink:0;--awb-margin-top-large:0px;--awb-spacing-right-large:1.92%;--awb-margin-bottom-large:20px;--awb-spacing-left-large:1.92%;--awb-width-medium:100%;--awb-order-medium:0;--awb-flex-grow-medium:0;--awb-flex-shrink-medium:0;--awb-spacing-right-medium:1.92%;--awb-spacing-left-medium:1.92%;--awb-width-small:100%;--awb-order-small:0;--awb-flex-grow-small:0;--awb-flex-shrink-small:0;--awb-spacing-right-small:1.92%;--awb-spacing-left-small:1.92%;\"><div class=\"fusion-column-wrapper fusion-column-has-shadow fusion-flex-justify-content-flex-start fusion-content-layout-column\"><div class=\"fusion-text fusion-text-7\"><h2><strong>Inscription \u00e0 l&rsquo;examen professionnel 2026<\/strong><\/h2>\n<p><strong>pour cr\u00e9ateur\/cr\u00e9atrice de v\u00eatements<\/strong><br \/>\nselon le r\u00e8glement d&rsquo;examen du 25.05.2022 et les directives du 01.07.2022<br \/>\n<a href=\"https:\/\/ibbg.ch\/wp-content\/uploads\/2025\/07\/Berufspr%C3%BCfung%202026\/Ausschreibung_Publication_Pubblicazione_BP%202026.pdf\" target=\"_blank\" rel=\"noopener\">Vous trouverez le document correspondant ici.<\/a><\/p>\n<p><a href=\"https:\/\/ibbg.ch\/wp-content\/uploads\/2025\/07\/Berufspr%C3%BCfung%202026\/Inscription_EP%202026.pdf\" target=\"_blank\" rel=\"noopener\">Vous trouverez le formulaire d&rsquo;inscription ici !<\/a><\/p>\n<\/div><\/div><\/div><\/div><\/div>\n<\/div><\/div><div class=\"fusion-clearfix\"><\/div><div class=\"fusion-meta-info\"><div class=\"fusion-alignleft\"><span class=\"vcard\" style=\"display: none;\"><span class=\"fn\"><a href=\"https:\/\/ibbg.ch\/fr\/author\/sekretariat_gk90qu8b\/\" title=\"Articles par sekretariat_gk90qu8b\" rel=\"author\">sekretariat_gk90qu8b<\/a><\/span><\/span><span class=\"updated\" style=\"display:none;\">2025-07-18T08:03:07+00:00<\/span><span>18 juillet 2025<\/span><span class=\"fusion-inline-sep\">|<\/span><span class=\"meta-tags\">Tags: <a href=\"https:\/\/ibbg.ch\/fr\/tag\/publication-de-lexamen-professionnel-2026\/\" rel=\"tag\">Publication de l\u2019examen professionnel 2026<\/a><\/span><span class=\"fusion-inline-sep\">|<\/span><span class=\"fusion-comments\"><a href=\"https:\/\/ibbg.ch\/fr\/publication-de-lexamen-professionnel-2026\/#respond\">0 Comments<\/a><\/span><\/div><div class=\"fusion-alignright\"><a class=\"fusion-read-more\" href=\"https:\/\/ibbg.ch\/fr\/publication-de-lexamen-professionnel-2026\/\" aria-label=\"More on Publication de l\u2019examen professionnel 2026\">Read More<\/a><\/div><\/div><\/article>\n<\/div><\/div><\/div><\/div><div class=\"fusion-layout-column fusion_builder_column fusion-builder-column-7 fusion-flex-column\" style=\"--awb-bg-size:cover;--awb-width-large:20%;--awb-flex-grow:0;--awb-flex-shrink:0;--awb-margin-top-large:0px;--awb-spacing-right-large:9.6%;--awb-margin-bottom-large:20px;--awb-spacing-left-large:9.6%;--awb-width-medium:20%;--awb-order-medium:0;--awb-flex-grow-medium:0;--awb-flex-shrink-medium:0;--awb-spacing-right-medium:9.6%;--awb-spacing-left-medium:9.6%;--awb-width-small:100%;--awb-order-small:0;--awb-flex-grow-small:0;--awb-flex-shrink-small:0;--awb-spacing-right-small:1.92%;--awb-spacing-left-small:1.92%;\" data-scroll-devices=\"small-visibility,medium-visibility,large-visibility\"><div class=\"fusion-column-wrapper fusion-column-has-shadow fusion-flex-justify-content-flex-start fusion-content-layout-column\"><div class=\"fusion-title title fusion-title-2 fusion-sep-none fusion-title-text fusion-title-size-one\" style=\"--awb-margin-top-small:10px;--awb-margin-right-small:0px;--awb-margin-bottom-small:10px;--awb-margin-left-small:0px;\"><h1 class=\"fusion-title-heading title-heading-left\" style=\"margin:0;\"><h2>Contact<\/h2><\/h1><\/div><div class=\"fusion-text fusion-text-8\"><p>Vous pouvez joindre notre secr\u00e9tariat \u00e0 l&rsquo;adresse suivante :<br \/>\nT\u00e9l. : 062 311 83 62 ou<br \/>\n<a href=\"mailto:sekretariat@ibbg.ch?subject=Kontakt%20ab%20Website%20ibbg.ch\">sekretariat@ibbg.ch<\/a> ou via le formulaire de contact<\/p>\n<p><strong>Heures d&rsquo;ouverture :<\/strong><br \/>\nJoignable par t\u00e9l\u00e9phone le<br \/>\nLundi &amp; jeudi<br \/>\n9:00 &#8211; 12:00 \/ 14:00 &#8211; 17:00<\/p>\n<p>Mardi &amp; mercredi<br \/>\n14:00 &#8211; 17:00<\/p>\n<\/div><\/div><\/div><\/div><\/div>\n","protected":false},"excerpt":{"rendered":"","protected":false},"author":1,"featured_media":0,"parent":112,"menu_order":0,"comment_status":"closed","ping_status":"closed","template":"100-width.php","meta":{"footnotes":""},"class_list":["post-116","page","type-page","status-publish","hentry"],"_links":{"self":[{"href":"https:\/\/ibbg.ch\/fr\/wp-json\/wp\/v2\/pages\/116","targetHints":{"allow":["GET"]}}],"collection":[{"href":"https:\/\/ibbg.ch\/fr\/wp-json\/wp\/v2\/pages"}],"about":[{"href":"https:\/\/ibbg.ch\/fr\/wp-json\/wp\/v2\/types\/page"}],"author":[{"embeddable":true,"href":"https:\/\/ibbg.ch\/fr\/wp-json\/wp\/v2\/users\/1"}],"replies":[{"embeddable":true,"href":"https:\/\/ibbg.ch\/fr\/wp-json\/wp\/v2\/comments?post=116"}],"version-history":[{"count":10,"href":"https:\/\/ibbg.ch\/fr\/wp-json\/wp\/v2\/pages\/116\/revisions"}],"predecessor-version":[{"id":1155,"href":"https:\/\/ibbg.ch\/fr\/wp-json\/wp\/v2\/pages\/116\/revisions\/1155"}],"up":[{"embeddable":true,"href":"https:\/\/ibbg.ch\/fr\/wp-json\/wp\/v2\/pages\/112"}],"wp:attachment":[{"href":"https:\/\/ibbg.ch\/fr\/wp-json\/wp\/v2\/media?parent=116"}],"curies":[{"name":"wp","href":"https:\/\/api.w.org\/{rel}","templated":true}]}}